{"id":14182,"date":"2023-05-10T09:27:07","date_gmt":"2023-05-10T07:27:07","guid":{"rendered":"https:\/\/www.festaipaper.com\/?post_type=product&#038;p=14182"},"modified":"2023-05-10T09:40:28","modified_gmt":"2023-05-10T07:40:28","slug":"pack-1-profes-fucsia","status":"publish","type":"product","link":"https:\/\/www.festaipaper.com\/es\/producto\/pack-1-profes-fucsia\/","title":{"rendered":"Pack-1 PROFES FUCSIA"},"content":{"rendered":"<p>\u00a1Se lo merecen! Despu\u00e9s de un curso al m\u00e1ximo, de julio a septiembre toca descansar. As\u00ed que&#8230; \u00bfqui\u00e9n va a ser este verano un\/a profe tumbada en la playa descansando? Seguro que al profe o la profe de vuestros peques le encanta este detalle de fin de curso y le va a resultar muy, muy \u00fatil para los d\u00edas de verano.<\/p>\n<p>El pack verano para profe contiene:<\/p>\n<p>&#8211;\u00a0<strong>Bolsa TOTE <\/strong>para poder llevarlo todo a la playa en verano y, cuando pase el calorcito, usarlo para ir a clase con el material escolar.<\/p>\n<p>&#8211; Un\u00a0<strong>neceser<\/strong>\u00a0con cremallera para guardar los objetos m\u00e1s personales.<\/p>\n<p>&#8211;\u00a0<strong>Sombrero <\/strong>para protegerte del sol.<\/p>\n<p>El Pack profes fucsia se presenta para regalo envuelto en papel de celofana y lazo.<\/p>","protected":false},"excerpt":{"rendered":"<p>El pack verano para profe contiene:<\/p>\n<p>&#8211;\u00a0<strong>Bolsa TOTE <\/strong>para poder llevarlo todo a la playa en verano y, cuando pase el calorcito, usarlo para ir a clase con el material escolar.<\/p>\n<p>&#8211; Un\u00a0<strong>neceser<\/strong>\u00a0con cremallera para guardar los objetos m\u00e1s personales.<\/p>\n<p>&#8211;\u00a0<strong>Sombrero <\/strong>para protegerte del sol.<\/p>\n<p>Se presenta para regalo envuelto en papel de celofana y lazo.<\/p>\n","protected":false},"featured_media":14184,"comment_status":"open","ping_status":"closed","template":"","meta":[],"product_brand":[],"product_cat":[497,338],"product_tag":[129,130,366,510,509,367,493,364,507,508,467,82,328,329],"class_list":{"0":"post-14182","1":"product","2":"type-product","3":"status-publish","4":"has-post-thumbnail","6":"product_cat-pack","7":"product_cat-tasses","8":"product_tag-ampolla","9":"product_tag-botella","10":"product_tag-dia-de-la-mare","11":"product_tag-fi-de-curs","12":"product_tag-fin-de-curso","13":"product_tag-i-love-mama","14":"product_tag-inox","15":"product_tag-madre","16":"product_tag-pack-profes","17":"product_tag-profes","18":"product_tag-raspa","19":"product_tag-regalo","20":"product_tag-tassa","21":"product_tag-taza","23":"first","24":"instock","25":"shipping-taxable","26":"purchasable","27":"product-type-simple"},"yoast_head":"<!-- This site is optimized with the Yoast SEO plugin v27.5 - https:\/\/yoast.com\/product\/yoast-seo-wordpress\/ -->\n<title>Pack-1 PROFES FUCSIA - Festa i Paper | Enya<\/title>\n<meta name=\"description\" content=\"Pack Profes F\u00facsia es el que busqueu.S&#039;ho mereixen! El pack cont\u00e9:- Bossa TOTE,un neceser i un barret per protegir del sol. Pack Profes F\u00facsia .\" \/>\n<meta name=\"robots\" content=\"index, follow, max-snippet:-1, max-image-preview:large, max-video-preview:-1\" \/>\n<link rel=\"canonical\" href=\"https:\/\/www.festaipaper.com\/es\/producto\/pack-1-profes-fucsia\/\" \/>\n<meta property=\"og:locale\" content=\"es_ES\" \/>\n<meta property=\"og:type\" content=\"article\" \/>\n<meta property=\"og:title\" content=\"[:ca]Pack-1 PROFES F\u00daCSIA[:es]Pack-1 PROFES FUCSIA[:] - Festa i Paper | Enya\" \/>\n<meta property=\"og:description\" content=\"Pack Profes F\u00facsia es el que busqueu.S&#039;ho mereixen! El pack cont\u00e9:- Bossa TOTE,un neceser i un barret per protegir del sol. Pack Profes F\u00facsia .\" \/>\n<meta property=\"og:url\" content=\"https:\/\/www.festaipaper.com\/es\/producto\/pack-1-profes-fucsia\/\" \/>\n<meta property=\"og:site_name\" content=\"Festa i Paper | Enya\" \/>\n<meta property=\"article:publisher\" content=\"https:\/\/www.facebook.com\/festaipapersantfeliu\" \/>\n<meta property=\"article:modified_time\" content=\"2023-05-10T07:40:28+00:00\" \/>\n<meta property=\"og:image\" content=\"https:\/\/www.festaipaper.com\/wp-content\/uploads\/2023\/05\/IMG-20230509-WA0000.jpg\" \/>\n\t<meta property=\"og:image:width\" content=\"800\" \/>\n\t<meta property=\"og:image:height\" content=\"800\" \/>\n\t<meta property=\"og:image:type\" content=\"image\/jpeg\" \/>\n<meta name=\"twitter:card\" content=\"summary_large_image\" \/>\n<meta name=\"twitter:label1\" content=\"Tiempo de lectura\" \/>\n\t<meta name=\"twitter:data1\" content=\"1 minuto\" \/>\n<script type=\"application\/ld+json\" class=\"yoast-schema-graph\">{\"@context\":\"https:\\\/\\\/schema.org\",\"@graph\":[{\"@type\":\"WebPage\",\"@id\":\"https:\\\/\\\/www.festaipaper.com\\\/es\\\/producto\\\/pack-1-profes-fucsia\\\/\",\"url\":\"https:\\\/\\\/www.festaipaper.com\\\/es\\\/producto\\\/pack-1-profes-fucsia\\\/\",\"name\":\"[:ca]Pack-1 PROFES F\u00daCSIA[:es]Pack-1 PROFES FUCSIA[:] - Festa i Paper | Enya\",\"isPartOf\":{\"@id\":\"https:\\\/\\\/www.festaipaper.com\\\/es\\\/#website\"},\"primaryImageOfPage\":{\"@id\":\"https:\\\/\\\/www.festaipaper.com\\\/es\\\/producto\\\/pack-1-profes-fucsia\\\/#primaryimage\"},\"image\":{\"@id\":\"https:\\\/\\\/www.festaipaper.com\\\/es\\\/producto\\\/pack-1-profes-fucsia\\\/#primaryimage\"},\"thumbnailUrl\":\"https:\\\/\\\/www.festaipaper.com\\\/wp-content\\\/uploads\\\/2023\\\/05\\\/IMG-20230509-WA0000.jpg\",\"datePublished\":\"2023-05-10T07:27:07+00:00\",\"dateModified\":\"2023-05-10T07:40:28+00:00\",\"description\":\"Pack Profes F\u00facsia es el que busqueu.S'ho mereixen! El pack cont\u00e9:- Bossa TOTE,un neceser i un barret per protegir del sol. Pack Profes F\u00facsia .\",\"breadcrumb\":{\"@id\":\"https:\\\/\\\/www.festaipaper.com\\\/es\\\/producto\\\/pack-1-profes-fucsia\\\/#breadcrumb\"},\"inLanguage\":\"es\",\"potentialAction\":[{\"@type\":\"ReadAction\",\"target\":[\"https:\\\/\\\/www.festaipaper.com\\\/es\\\/producto\\\/pack-1-profes-fucsia\\\/\"]}]},{\"@type\":\"ImageObject\",\"inLanguage\":\"es\",\"@id\":\"https:\\\/\\\/www.festaipaper.com\\\/es\\\/producto\\\/pack-1-profes-fucsia\\\/#primaryimage\",\"url\":\"https:\\\/\\\/www.festaipaper.com\\\/wp-content\\\/uploads\\\/2023\\\/05\\\/IMG-20230509-WA0000.jpg\",\"contentUrl\":\"https:\\\/\\\/www.festaipaper.com\\\/wp-content\\\/uploads\\\/2023\\\/05\\\/IMG-20230509-WA0000.jpg\",\"width\":800,\"height\":800,\"caption\":\"Pack-1 f\u00facsia\"},{\"@type\":\"BreadcrumbList\",\"@id\":\"https:\\\/\\\/www.festaipaper.com\\\/es\\\/producto\\\/pack-1-profes-fucsia\\\/#breadcrumb\",\"itemListElement\":[{\"@type\":\"ListItem\",\"position\":1,\"name\":\"Home\",\"item\":\"https:\\\/\\\/www.festaipaper.com\\\/es\\\/\"},{\"@type\":\"ListItem\",\"position\":2,\"name\":\"Tienda online\",\"item\":\"https:\\\/\\\/www.festaipaper.com\\\/shop\\\/\"},{\"@type\":\"ListItem\",\"position\":3,\"name\":\"Pack-1 PROFES FUCSIA\"}]},{\"@type\":\"WebSite\",\"@id\":\"https:\\\/\\\/www.festaipaper.com\\\/es\\\/#website\",\"url\":\"https:\\\/\\\/www.festaipaper.com\\\/es\\\/\",\"name\":\"Festa i Paper | Enya\",\"description\":\"Carrer Rutlla, 3 | Sant Feliu de Gu\u00edxols\",\"publisher\":{\"@id\":\"https:\\\/\\\/www.festaipaper.com\\\/es\\\/#organization\"},\"potentialAction\":[{\"@type\":\"SearchAction\",\"target\":{\"@type\":\"EntryPoint\",\"urlTemplate\":\"https:\\\/\\\/www.festaipaper.com\\\/es\\\/?s={search_term_string}\"},\"query-input\":{\"@type\":\"PropertyValueSpecification\",\"valueRequired\":true,\"valueName\":\"search_term_string\"}}],\"inLanguage\":\"es\"},{\"@type\":\"Organization\",\"@id\":\"https:\\\/\\\/www.festaipaper.com\\\/es\\\/#organization\",\"name\":\"Festa i Paper\",\"url\":\"https:\\\/\\\/www.festaipaper.com\\\/es\\\/\",\"logo\":{\"@type\":\"ImageObject\",\"inLanguage\":\"es\",\"@id\":\"https:\\\/\\\/www.festaipaper.com\\\/es\\\/#\\\/schema\\\/logo\\\/image\\\/\",\"url\":\"https:\\\/\\\/www.festaipaper.com\\\/wp-content\\\/uploads\\\/2020\\\/03\\\/Festa-i-Paper-Logo.png\",\"contentUrl\":\"https:\\\/\\\/www.festaipaper.com\\\/wp-content\\\/uploads\\\/2020\\\/03\\\/Festa-i-Paper-Logo.png\",\"width\":359,\"height\":120,\"caption\":\"Festa i Paper\"},\"image\":{\"@id\":\"https:\\\/\\\/www.festaipaper.com\\\/es\\\/#\\\/schema\\\/logo\\\/image\\\/\"},\"sameAs\":[\"https:\\\/\\\/www.facebook.com\\\/festaipapersantfeliu\",\"https:\\\/\\\/www.instagram.com\\\/festaipaper\\\/\"]}]}<\/script>\n<!-- \/ Yoast SEO plugin. -->","yoast_head_json":{"title":"[:ca]Pack-1 PROFES F\u00daCSIA[:es]Pack-1 PROFES FUCSIA[:] - Festa i Paper | Enya","description":"Pack Profes F\u00facsia es el que busqueu.S'ho mereixen! El pack cont\u00e9:- Bossa TOTE,un neceser i un barret per protegir del sol. Pack Profes F\u00facsia .","robots":{"index":"index","follow":"follow","max-snippet":"max-snippet:-1","max-image-preview":"max-image-preview:large","max-video-preview":"max-video-preview:-1"},"canonical":"https:\/\/www.festaipaper.com\/es\/producto\/pack-1-profes-fucsia\/","og_locale":"es_ES","og_type":"article","og_title":"[:ca]Pack-1 PROFES F\u00daCSIA[:es]Pack-1 PROFES FUCSIA[:] - Festa i Paper | Enya","og_description":"Pack Profes F\u00facsia es el que busqueu.S'ho mereixen! El pack cont\u00e9:- Bossa TOTE,un neceser i un barret per protegir del sol. Pack Profes F\u00facsia .","og_url":"https:\/\/www.festaipaper.com\/es\/producto\/pack-1-profes-fucsia\/","og_site_name":"Festa i Paper | Enya","article_publisher":"https:\/\/www.facebook.com\/festaipapersantfeliu","article_modified_time":"2023-05-10T07:40:28+00:00","og_image":[{"width":800,"height":800,"url":"https:\/\/www.festaipaper.com\/wp-content\/uploads\/2023\/05\/IMG-20230509-WA0000.jpg","type":"image\/jpeg"}],"twitter_card":"summary_large_image","twitter_misc":{"Tiempo de lectura":"1 minuto"},"schema":{"@context":"https:\/\/schema.org","@graph":[{"@type":"WebPage","@id":"https:\/\/www.festaipaper.com\/es\/producto\/pack-1-profes-fucsia\/","url":"https:\/\/www.festaipaper.com\/es\/producto\/pack-1-profes-fucsia\/","name":"[:ca]Pack-1 PROFES F\u00daCSIA[:es]Pack-1 PROFES FUCSIA[:] - Festa i Paper | Enya","isPartOf":{"@id":"https:\/\/www.festaipaper.com\/es\/#website"},"primaryImageOfPage":{"@id":"https:\/\/www.festaipaper.com\/es\/producto\/pack-1-profes-fucsia\/#primaryimage"},"image":{"@id":"https:\/\/www.festaipaper.com\/es\/producto\/pack-1-profes-fucsia\/#primaryimage"},"thumbnailUrl":"https:\/\/www.festaipaper.com\/wp-content\/uploads\/2023\/05\/IMG-20230509-WA0000.jpg","datePublished":"2023-05-10T07:27:07+00:00","dateModified":"2023-05-10T07:40:28+00:00","description":"Pack Profes F\u00facsia es el que busqueu.S'ho mereixen! El pack cont\u00e9:- Bossa TOTE,un neceser i un barret per protegir del sol. Pack Profes F\u00facsia .","breadcrumb":{"@id":"https:\/\/www.festaipaper.com\/es\/producto\/pack-1-profes-fucsia\/#breadcrumb"},"inLanguage":"es","potentialAction":[{"@type":"ReadAction","target":["https:\/\/www.festaipaper.com\/es\/producto\/pack-1-profes-fucsia\/"]}]},{"@type":"ImageObject","inLanguage":"es","@id":"https:\/\/www.festaipaper.com\/es\/producto\/pack-1-profes-fucsia\/#primaryimage","url":"https:\/\/www.festaipaper.com\/wp-content\/uploads\/2023\/05\/IMG-20230509-WA0000.jpg","contentUrl":"https:\/\/www.festaipaper.com\/wp-content\/uploads\/2023\/05\/IMG-20230509-WA0000.jpg","width":800,"height":800,"caption":"Pack-1 f\u00facsia"},{"@type":"BreadcrumbList","@id":"https:\/\/www.festaipaper.com\/es\/producto\/pack-1-profes-fucsia\/#breadcrumb","itemListElement":[{"@type":"ListItem","position":1,"name":"Home","item":"https:\/\/www.festaipaper.com\/es\/"},{"@type":"ListItem","position":2,"name":"Tienda online","item":"https:\/\/www.festaipaper.com\/shop\/"},{"@type":"ListItem","position":3,"name":"Pack-1 PROFES FUCSIA"}]},{"@type":"WebSite","@id":"https:\/\/www.festaipaper.com\/es\/#website","url":"https:\/\/www.festaipaper.com\/es\/","name":"Festa i Paper | Enya","description":"Carrer Rutlla, 3 | Sant Feliu de Gu\u00edxols","publisher":{"@id":"https:\/\/www.festaipaper.com\/es\/#organization"},"potentialAction":[{"@type":"SearchAction","target":{"@type":"EntryPoint","urlTemplate":"https:\/\/www.festaipaper.com\/es\/?s={search_term_string}"},"query-input":{"@type":"PropertyValueSpecification","valueRequired":true,"valueName":"search_term_string"}}],"inLanguage":"es"},{"@type":"Organization","@id":"https:\/\/www.festaipaper.com\/es\/#organization","name":"Festa i Paper","url":"https:\/\/www.festaipaper.com\/es\/","logo":{"@type":"ImageObject","inLanguage":"es","@id":"https:\/\/www.festaipaper.com\/es\/#\/schema\/logo\/image\/","url":"https:\/\/www.festaipaper.com\/wp-content\/uploads\/2020\/03\/Festa-i-Paper-Logo.png","contentUrl":"https:\/\/www.festaipaper.com\/wp-content\/uploads\/2020\/03\/Festa-i-Paper-Logo.png","width":359,"height":120,"caption":"Festa i Paper"},"image":{"@id":"https:\/\/www.festaipaper.com\/es\/#\/schema\/logo\/image\/"},"sameAs":["https:\/\/www.facebook.com\/festaipapersantfeliu","https:\/\/www.instagram.com\/festaipaper\/"]}]}},"_links":{"self":[{"href":"https:\/\/www.festaipaper.com\/es\/wp-json\/wp\/v2\/product\/14182","targetHints":{"allow":["GET"]}}],"collection":[{"href":"https:\/\/www.festaipaper.com\/es\/wp-json\/wp\/v2\/product"}],"about":[{"href":"https:\/\/www.festaipaper.com\/es\/wp-json\/wp\/v2\/types\/product"}],"replies":[{"embeddable":true,"href":"https:\/\/www.festaipaper.com\/es\/wp-json\/wp\/v2\/comments?post=14182"}],"version-history":[{"count":0,"href":"https:\/\/www.festaipaper.com\/es\/wp-json\/wp\/v2\/product\/14182\/revisions"}],"wp:featuredmedia":[{"embeddable":true,"href":"https:\/\/www.festaipaper.com\/es\/wp-json\/wp\/v2\/media\/14184"}],"wp:attachment":[{"href":"https:\/\/www.festaipaper.com\/es\/wp-json\/wp\/v2\/media?parent=14182"}],"wp:term":[{"taxonomy":"product_brand","embeddable":true,"href":"https:\/\/www.festaipaper.com\/es\/wp-json\/wp\/v2\/product_brand?post=14182"},{"taxonomy":"product_cat","embeddable":true,"href":"https:\/\/www.festaipaper.com\/es\/wp-json\/wp\/v2\/product_cat?post=14182"},{"taxonomy":"product_tag","embeddable":true,"href":"https:\/\/www.festaipaper.com\/es\/wp-json\/wp\/v2\/product_tag?post=14182"}],"curies":[{"name":"wp","href":"https:\/\/api.w.org\/{rel}","templated":true}]}}