{"id":12658,"date":"2020-07-25T00:03:12","date_gmt":"2020-07-24T22:03:12","guid":{"rendered":"https:\/\/www.festaipaper.com\/?post_type=product&#038;p=12658"},"modified":"2023-01-09T08:31:09","modified_gmt":"2023-01-09T07:31:09","slug":"corona-constel%c2%b7lacio-mint","status":"publish","type":"product","link":"https:\/\/www.festaipaper.com\/es\/producto\/corona-constel%c2%b7lacio-mint\/","title":{"rendered":"Corona CONSTELACI\u00d3N MINT"},"content":{"rendered":"<p>Esta divertida y original corona de cumplea\u00f1os es el complemento perfecto para celebrar los primeros a\u00f1os de tu peque\u00f1a. Con nuestro print de constelaci\u00f3n mint y acabada con apliques de borlas. Redonda de fieltro para enmarcar el n\u00famero (del 0 al 9). Acolchada para mayor comodidad y cierre ajustable de velcro. \u00a1Tu hija no se va a quitar la corona\u00a0 en toda la fiesta!<\/p>\n<p>&nbsp;<\/p>\n<p><span style=\"font-size: 18pt\">Cien por cien handmade<\/span><\/p>\n<p>Desde el principio hemos tenido muy claro que nuestros art\u00edculos ten\u00edan que estar fabricados a mano, con producciones muy controladas y aprovechando recursos cercanos. As\u00ed aseguramos un art\u00edculo hecho con mucho cari\u00f1o y que transmita calidad, frescura, originalidad y sobre todo ilusi\u00f3n, valores fundamentales de micumacu.<\/p>","protected":false},"excerpt":{"rendered":"<p>Esta divertida y original corona de cumplea\u00f1os es el complemento perfecto para celebrar los primeros a\u00f1os de tu peque\u00f1a. Con nuestro print de constelaci\u00f3n mint y acabada con apliques de borlas. Redonda de fieltro para enmarcar el n\u00famero (del 0 al 9). Acolchada para mayor comodidad y cierre ajustable de velcro. \u00a1Tu hija no se va a quitar la corona\u00a0 en toda la fiesta!<\/p>\n<ul>\n<li>Incluye pack de n\u00fameros del 0 al 9<\/li>\n<li>Ajustable con velcro<\/li>\n<li>Medida: Talla \u00fanica<\/li>\n<li>A partir de 0 a\u00f1os<\/li>\n<li>Composici\u00f3n: 100% algod\u00f3n con relleno de poli\u00e9ster.<\/li>\n<\/ul>\n","protected":false},"featured_media":12655,"comment_status":"open","ping_status":"closed","template":"","meta":[],"product_brand":[],"product_cat":[369],"product_tag":[372,370,373,84,165,371,374],"class_list":{"0":"post-12658","1":"product","2":"type-product","3":"status-publish","4":"has-post-thumbnail","6":"product_cat-corones-aniversaris","7":"product_tag-aniversari","8":"product_tag-corona","9":"product_tag-cumpleanos","10":"product_tag-fiesta","11":"product_tag-nen","12":"product_tag-ninos","13":"product_tag-robots","15":"first","16":"instock","17":"shipping-taxable","18":"purchasable","19":"product-type-simple"},"yoast_head":"<!-- This site is optimized with the Yoast SEO plugin v27.5 - https:\/\/yoast.com\/product\/yoast-seo-wordpress\/ -->\n<title>Corona CONSTELACI\u00d3N MINT - Festa i Paper | Enya<\/title>\n<meta name=\"description\" content=\"Aquesta \u00a0divertida i original corona d\u2019aniversari es el complement perfecte per celebrar els primers anys de la teva petita. Amb el nostre print de constel\u00b7laci\u00f3 mint i \u00a0acabada con aplics de borles. Rodona de feltre per emmarcar el n\u00famero (del 0 al 9). Encoixinada per la millor comoditat i tancament ajustable de velcro. \u00a1La teva filla no est treura la corona en tota la festa! celebrar los primeros a\u00f1os de tu peque\u00f1a. Con nuestro print de constelaci\u00f3n mint y acabada con apliques de borlas. Redonda de fieltro para enmarcar el n\u00famero (del 0 al 9). Acolchada para mayor comodidad y cierre ajustable de velcro. \u00a1Tu hija no se va a quitar la corona en toda la fiesta!\" \/>\n<meta name=\"robots\" content=\"index, follow, max-snippet:-1, max-image-preview:large, max-video-preview:-1\" \/>\n<link rel=\"canonical\" href=\"https:\/\/www.festaipaper.com\/producto\/corona-constel\u00b7lacio-mint\/\" \/>\n<meta property=\"og:locale\" content=\"es_ES\" \/>\n<meta property=\"og:type\" content=\"article\" \/>\n<meta property=\"og:title\" content=\"[:ca]Corona CONSTEL\u00b7LACI\u00d3 MINT[:es]Corona CONSTELACI\u00d3N MINT[:] - Festa i Paper | Enya\" \/>\n<meta property=\"og:description\" content=\"Aquesta \u00a0divertida i original corona d\u2019aniversari es el complement perfecte per celebrar els primers anys de la teva petita. Amb el nostre print de constel\u00b7laci\u00f3 mint i \u00a0acabada con aplics de borles. Rodona de feltre per emmarcar el n\u00famero (del 0 al 9). Encoixinada per la millor comoditat i tancament ajustable de velcro. \u00a1La teva filla no est treura la corona en tota la festa! celebrar los primeros a\u00f1os de tu peque\u00f1a. Con nuestro print de constelaci\u00f3n mint y acabada con apliques de borlas. Redonda de fieltro para enmarcar el n\u00famero (del 0 al 9). Acolchada para mayor comodidad y cierre ajustable de velcro. \u00a1Tu hija no se va a quitar la corona en toda la fiesta!\" \/>\n<meta property=\"og:url\" content=\"https:\/\/www.festaipaper.com\/producto\/corona-constel\u00b7lacio-mint\/\" \/>\n<meta property=\"og:site_name\" content=\"Festa i Paper | Enya\" \/>\n<meta property=\"article:publisher\" content=\"https:\/\/www.facebook.com\/festaipapersantfeliu\" \/>\n<meta property=\"article:modified_time\" content=\"2023-01-09T07:31:09+00:00\" \/>\n<meta property=\"og:image\" content=\"https:\/\/www.festaipaper.com\/wp-content\/uploads\/2020\/07\/Corona-constelacion-mint-800x800-1.png\" \/>\n\t<meta property=\"og:image:width\" content=\"800\" \/>\n\t<meta property=\"og:image:height\" content=\"800\" \/>\n\t<meta property=\"og:image:type\" content=\"image\/png\" \/>\n<meta name=\"twitter:card\" content=\"summary_large_image\" \/>\n<meta name=\"twitter:label1\" content=\"Tiempo de lectura\" \/>\n\t<meta name=\"twitter:data1\" content=\"1 minuto\" \/>\n<script type=\"application\/ld+json\" class=\"yoast-schema-graph\">{\"@context\":\"https:\\\/\\\/schema.org\",\"@graph\":[{\"@type\":\"WebPage\",\"@id\":\"https:\\\/\\\/www.festaipaper.com\\\/producto\\\/corona-constel%c2%b7lacio-mint\\\/\",\"url\":\"https:\\\/\\\/www.festaipaper.com\\\/producto\\\/corona-constel%c2%b7lacio-mint\\\/\",\"name\":\"[:ca]Corona CONSTEL\u00b7LACI\u00d3 MINT[:es]Corona CONSTELACI\u00d3N MINT[:] - Festa i Paper | Enya\",\"isPartOf\":{\"@id\":\"https:\\\/\\\/www.festaipaper.com\\\/es\\\/#website\"},\"primaryImageOfPage\":{\"@id\":\"https:\\\/\\\/www.festaipaper.com\\\/producto\\\/corona-constel%c2%b7lacio-mint\\\/#primaryimage\"},\"image\":{\"@id\":\"https:\\\/\\\/www.festaipaper.com\\\/producto\\\/corona-constel%c2%b7lacio-mint\\\/#primaryimage\"},\"thumbnailUrl\":\"https:\\\/\\\/www.festaipaper.com\\\/wp-content\\\/uploads\\\/2020\\\/07\\\/Corona-constelacion-mint-800x800-1.png\",\"datePublished\":\"2020-07-24T22:03:12+00:00\",\"dateModified\":\"2023-01-09T07:31:09+00:00\",\"description\":\"Aquesta \u00a0divertida i original corona d\u2019aniversari es el complement perfecte per celebrar els primers anys de la teva petita. Amb el nostre print de constel\u00b7laci\u00f3 mint i \u00a0acabada con aplics de borles. Rodona de feltre per emmarcar el n\u00famero (del 0 al 9). Encoixinada per la millor comoditat i tancament ajustable de velcro. \u00a1La teva filla no est treura la corona en tota la festa! celebrar los primeros a\u00f1os de tu peque\u00f1a. Con nuestro print de constelaci\u00f3n mint y acabada con apliques de borlas. Redonda de fieltro para enmarcar el n\u00famero (del 0 al 9). Acolchada para mayor comodidad y cierre ajustable de velcro. \u00a1Tu hija no se va a quitar la corona en toda la fiesta!\",\"breadcrumb\":{\"@id\":\"https:\\\/\\\/www.festaipaper.com\\\/producto\\\/corona-constel%c2%b7lacio-mint\\\/#breadcrumb\"},\"inLanguage\":\"es\",\"potentialAction\":[{\"@type\":\"ReadAction\",\"target\":[\"https:\\\/\\\/www.festaipaper.com\\\/producto\\\/corona-constel%c2%b7lacio-mint\\\/\"]}]},{\"@type\":\"ImageObject\",\"inLanguage\":\"es\",\"@id\":\"https:\\\/\\\/www.festaipaper.com\\\/producto\\\/corona-constel%c2%b7lacio-mint\\\/#primaryimage\",\"url\":\"https:\\\/\\\/www.festaipaper.com\\\/wp-content\\\/uploads\\\/2020\\\/07\\\/Corona-constelacion-mint-800x800-1.png\",\"contentUrl\":\"https:\\\/\\\/www.festaipaper.com\\\/wp-content\\\/uploads\\\/2020\\\/07\\\/Corona-constelacion-mint-800x800-1.png\",\"width\":800,\"height\":800},{\"@type\":\"BreadcrumbList\",\"@id\":\"https:\\\/\\\/www.festaipaper.com\\\/producto\\\/corona-constel%c2%b7lacio-mint\\\/#breadcrumb\",\"itemListElement\":[{\"@type\":\"ListItem\",\"position\":1,\"name\":\"Home\",\"item\":\"https:\\\/\\\/www.festaipaper.com\\\/es\\\/\"},{\"@type\":\"ListItem\",\"position\":2,\"name\":\"Tienda online\",\"item\":\"https:\\\/\\\/www.festaipaper.com\\\/shop\\\/\"},{\"@type\":\"ListItem\",\"position\":3,\"name\":\"Corona CONSTEL\u00b7LACI\u00d3 MINT\"}]},{\"@type\":\"WebSite\",\"@id\":\"https:\\\/\\\/www.festaipaper.com\\\/es\\\/#website\",\"url\":\"https:\\\/\\\/www.festaipaper.com\\\/es\\\/\",\"name\":\"Festa i Paper | Enya\",\"description\":\"Carrer Rutlla, 3 | Sant Feliu de Gu\u00edxols\",\"publisher\":{\"@id\":\"https:\\\/\\\/www.festaipaper.com\\\/es\\\/#organization\"},\"potentialAction\":[{\"@type\":\"SearchAction\",\"target\":{\"@type\":\"EntryPoint\",\"urlTemplate\":\"https:\\\/\\\/www.festaipaper.com\\\/es\\\/?s={search_term_string}\"},\"query-input\":{\"@type\":\"PropertyValueSpecification\",\"valueRequired\":true,\"valueName\":\"search_term_string\"}}],\"inLanguage\":\"es\"},{\"@type\":\"Organization\",\"@id\":\"https:\\\/\\\/www.festaipaper.com\\\/es\\\/#organization\",\"name\":\"Festa i Paper\",\"url\":\"https:\\\/\\\/www.festaipaper.com\\\/es\\\/\",\"logo\":{\"@type\":\"ImageObject\",\"inLanguage\":\"es\",\"@id\":\"https:\\\/\\\/www.festaipaper.com\\\/es\\\/#\\\/schema\\\/logo\\\/image\\\/\",\"url\":\"https:\\\/\\\/www.festaipaper.com\\\/wp-content\\\/uploads\\\/2020\\\/03\\\/Festa-i-Paper-Logo.png\",\"contentUrl\":\"https:\\\/\\\/www.festaipaper.com\\\/wp-content\\\/uploads\\\/2020\\\/03\\\/Festa-i-Paper-Logo.png\",\"width\":359,\"height\":120,\"caption\":\"Festa i Paper\"},\"image\":{\"@id\":\"https:\\\/\\\/www.festaipaper.com\\\/es\\\/#\\\/schema\\\/logo\\\/image\\\/\"},\"sameAs\":[\"https:\\\/\\\/www.facebook.com\\\/festaipapersantfeliu\",\"https:\\\/\\\/www.instagram.com\\\/festaipaper\\\/\"]}]}<\/script>\n<!-- \/ Yoast SEO plugin. -->","yoast_head_json":{"title":"[:ca]Corona CONSTEL\u00b7LACI\u00d3 MINT[:es]Corona CONSTELACI\u00d3N MINT[:] - Festa i Paper | Enya","description":"Aquesta \u00a0divertida i original corona d\u2019aniversari es el complement perfecte per celebrar els primers anys de la teva petita. Amb el nostre print de constel\u00b7laci\u00f3 mint i \u00a0acabada con aplics de borles. Rodona de feltre per emmarcar el n\u00famero (del 0 al 9). Encoixinada per la millor comoditat i tancament ajustable de velcro. \u00a1La teva filla no est treura la corona en tota la festa! celebrar los primeros a\u00f1os de tu peque\u00f1a. Con nuestro print de constelaci\u00f3n mint y acabada con apliques de borlas. Redonda de fieltro para enmarcar el n\u00famero (del 0 al 9). Acolchada para mayor comodidad y cierre ajustable de velcro. \u00a1Tu hija no se va a quitar la corona en toda la fiesta!","robots":{"index":"index","follow":"follow","max-snippet":"max-snippet:-1","max-image-preview":"max-image-preview:large","max-video-preview":"max-video-preview:-1"},"canonical":"https:\/\/www.festaipaper.com\/producto\/corona-constel\u00b7lacio-mint\/","og_locale":"es_ES","og_type":"article","og_title":"[:ca]Corona CONSTEL\u00b7LACI\u00d3 MINT[:es]Corona CONSTELACI\u00d3N MINT[:] - Festa i Paper | Enya","og_description":"Aquesta \u00a0divertida i original corona d\u2019aniversari es el complement perfecte per celebrar els primers anys de la teva petita. Amb el nostre print de constel\u00b7laci\u00f3 mint i \u00a0acabada con aplics de borles. Rodona de feltre per emmarcar el n\u00famero (del 0 al 9). Encoixinada per la millor comoditat i tancament ajustable de velcro. \u00a1La teva filla no est treura la corona en tota la festa! celebrar los primeros a\u00f1os de tu peque\u00f1a. Con nuestro print de constelaci\u00f3n mint y acabada con apliques de borlas. Redonda de fieltro para enmarcar el n\u00famero (del 0 al 9). Acolchada para mayor comodidad y cierre ajustable de velcro. \u00a1Tu hija no se va a quitar la corona en toda la fiesta!","og_url":"https:\/\/www.festaipaper.com\/producto\/corona-constel\u00b7lacio-mint\/","og_site_name":"Festa i Paper | Enya","article_publisher":"https:\/\/www.facebook.com\/festaipapersantfeliu","article_modified_time":"2023-01-09T07:31:09+00:00","og_image":[{"width":800,"height":800,"url":"https:\/\/www.festaipaper.com\/wp-content\/uploads\/2020\/07\/Corona-constelacion-mint-800x800-1.png","type":"image\/png"}],"twitter_card":"summary_large_image","twitter_misc":{"Tiempo de lectura":"1 minuto"},"schema":{"@context":"https:\/\/schema.org","@graph":[{"@type":"WebPage","@id":"https:\/\/www.festaipaper.com\/producto\/corona-constel%c2%b7lacio-mint\/","url":"https:\/\/www.festaipaper.com\/producto\/corona-constel%c2%b7lacio-mint\/","name":"[:ca]Corona CONSTEL\u00b7LACI\u00d3 MINT[:es]Corona CONSTELACI\u00d3N MINT[:] - Festa i Paper | Enya","isPartOf":{"@id":"https:\/\/www.festaipaper.com\/es\/#website"},"primaryImageOfPage":{"@id":"https:\/\/www.festaipaper.com\/producto\/corona-constel%c2%b7lacio-mint\/#primaryimage"},"image":{"@id":"https:\/\/www.festaipaper.com\/producto\/corona-constel%c2%b7lacio-mint\/#primaryimage"},"thumbnailUrl":"https:\/\/www.festaipaper.com\/wp-content\/uploads\/2020\/07\/Corona-constelacion-mint-800x800-1.png","datePublished":"2020-07-24T22:03:12+00:00","dateModified":"2023-01-09T07:31:09+00:00","description":"Aquesta \u00a0divertida i original corona d\u2019aniversari es el complement perfecte per celebrar els primers anys de la teva petita. Amb el nostre print de constel\u00b7laci\u00f3 mint i \u00a0acabada con aplics de borles. Rodona de feltre per emmarcar el n\u00famero (del 0 al 9). Encoixinada per la millor comoditat i tancament ajustable de velcro. \u00a1La teva filla no est treura la corona en tota la festa! celebrar los primeros a\u00f1os de tu peque\u00f1a. Con nuestro print de constelaci\u00f3n mint y acabada con apliques de borlas. Redonda de fieltro para enmarcar el n\u00famero (del 0 al 9). Acolchada para mayor comodidad y cierre ajustable de velcro. \u00a1Tu hija no se va a quitar la corona en toda la fiesta!","breadcrumb":{"@id":"https:\/\/www.festaipaper.com\/producto\/corona-constel%c2%b7lacio-mint\/#breadcrumb"},"inLanguage":"es","potentialAction":[{"@type":"ReadAction","target":["https:\/\/www.festaipaper.com\/producto\/corona-constel%c2%b7lacio-mint\/"]}]},{"@type":"ImageObject","inLanguage":"es","@id":"https:\/\/www.festaipaper.com\/producto\/corona-constel%c2%b7lacio-mint\/#primaryimage","url":"https:\/\/www.festaipaper.com\/wp-content\/uploads\/2020\/07\/Corona-constelacion-mint-800x800-1.png","contentUrl":"https:\/\/www.festaipaper.com\/wp-content\/uploads\/2020\/07\/Corona-constelacion-mint-800x800-1.png","width":800,"height":800},{"@type":"BreadcrumbList","@id":"https:\/\/www.festaipaper.com\/producto\/corona-constel%c2%b7lacio-mint\/#breadcrumb","itemListElement":[{"@type":"ListItem","position":1,"name":"Home","item":"https:\/\/www.festaipaper.com\/es\/"},{"@type":"ListItem","position":2,"name":"Tienda online","item":"https:\/\/www.festaipaper.com\/shop\/"},{"@type":"ListItem","position":3,"name":"Corona CONSTEL\u00b7LACI\u00d3 MINT"}]},{"@type":"WebSite","@id":"https:\/\/www.festaipaper.com\/es\/#website","url":"https:\/\/www.festaipaper.com\/es\/","name":"Festa i Paper | Enya","description":"Carrer Rutlla, 3 | Sant Feliu de Gu\u00edxols","publisher":{"@id":"https:\/\/www.festaipaper.com\/es\/#organization"},"potentialAction":[{"@type":"SearchAction","target":{"@type":"EntryPoint","urlTemplate":"https:\/\/www.festaipaper.com\/es\/?s={search_term_string}"},"query-input":{"@type":"PropertyValueSpecification","valueRequired":true,"valueName":"search_term_string"}}],"inLanguage":"es"},{"@type":"Organization","@id":"https:\/\/www.festaipaper.com\/es\/#organization","name":"Festa i Paper","url":"https:\/\/www.festaipaper.com\/es\/","logo":{"@type":"ImageObject","inLanguage":"es","@id":"https:\/\/www.festaipaper.com\/es\/#\/schema\/logo\/image\/","url":"https:\/\/www.festaipaper.com\/wp-content\/uploads\/2020\/03\/Festa-i-Paper-Logo.png","contentUrl":"https:\/\/www.festaipaper.com\/wp-content\/uploads\/2020\/03\/Festa-i-Paper-Logo.png","width":359,"height":120,"caption":"Festa i Paper"},"image":{"@id":"https:\/\/www.festaipaper.com\/es\/#\/schema\/logo\/image\/"},"sameAs":["https:\/\/www.facebook.com\/festaipapersantfeliu","https:\/\/www.instagram.com\/festaipaper\/"]}]}},"_links":{"self":[{"href":"https:\/\/www.festaipaper.com\/es\/wp-json\/wp\/v2\/product\/12658","targetHints":{"allow":["GET"]}}],"collection":[{"href":"https:\/\/www.festaipaper.com\/es\/wp-json\/wp\/v2\/product"}],"about":[{"href":"https:\/\/www.festaipaper.com\/es\/wp-json\/wp\/v2\/types\/product"}],"replies":[{"embeddable":true,"href":"https:\/\/www.festaipaper.com\/es\/wp-json\/wp\/v2\/comments?post=12658"}],"version-history":[{"count":0,"href":"https:\/\/www.festaipaper.com\/es\/wp-json\/wp\/v2\/product\/12658\/revisions"}],"wp:featuredmedia":[{"embeddable":true,"href":"https:\/\/www.festaipaper.com\/es\/wp-json\/wp\/v2\/media\/12655"}],"wp:attachment":[{"href":"https:\/\/www.festaipaper.com\/es\/wp-json\/wp\/v2\/media?parent=12658"}],"wp:term":[{"taxonomy":"product_brand","embeddable":true,"href":"https:\/\/www.festaipaper.com\/es\/wp-json\/wp\/v2\/product_brand?post=12658"},{"taxonomy":"product_cat","embeddable":true,"href":"https:\/\/www.festaipaper.com\/es\/wp-json\/wp\/v2\/product_cat?post=12658"},{"taxonomy":"product_tag","embeddable":true,"href":"https:\/\/www.festaipaper.com\/es\/wp-json\/wp\/v2\/product_tag?post=12658"}],"curies":[{"name":"wp","href":"https:\/\/api.w.org\/{rel}","templated":true}]}}